{"id":3517,"date":"2017-11-08T07:59:54","date_gmt":"2017-11-08T07:59:54","guid":{"rendered":"http:\/\/classics.report\/?page_id=3517"},"modified":"2021-11-15T12:39:07","modified_gmt":"2021-11-15T12:39:07","slug":"neue-beitraege","status":"publish","type":"page","link":"https:\/\/classics.report\/?page_id=3517","title":{"rendered":"2018|17"},"content":{"rendered":"\n<figure class=\"wp-block-image size-large\"><a href=\"https:\/\/classics.report\/?p=6650\"><img decoding=\"async\" loading=\"lazy\" width=\"1024\" height=\"683\" src=\"https:\/\/classics.report\/wp-content\/uploads\/2018\/12\/IMG_5974-1024x683.jpg\" alt=\"\" class=\"wp-image-6816\" srcset=\"https:\/\/classics.report\/wp-content\/uploads\/2018\/12\/IMG_5974-1024x683.jpg 1024w, https:\/\/classics.report\/wp-content\/uploads\/2018\/12\/IMG_5974-300x200.jpg 300w, https:\/\/classics.report\/wp-content\/uploads\/2018\/12\/IMG_5974-768x512.jpg 768w, https:\/\/classics.report\/wp-content\/uploads\/2018\/12\/IMG_5974-624x416.jpg 624w, https:\/\/classics.report\/wp-content\/uploads\/2018\/12\/IMG_5974.jpg 1728w\" sizes=\"(max-width: 1024px) 100vw, 1024px\" \/><\/a><\/figure>\n\n\n\n<h6>Porsche 550 (12\/2018 &#8211; sonstige Porsche)<\/h6>\n\n\n\n<p>Ja klar, wir haben in Kalifornien nach Porsche gesucht. U.a. haben wir Ausschau gehalten nach einem 550 Spyder. Nein, nicht nach einem Original-Fahrzeug, <em>der originale James-Dean-Spyder war auch schon seit 1955 min. 17 mal verkauft worden &#8230;.<\/em><strong><a href=\"https:\/\/classics.report\/?p=6650\">weiterlesen<\/a><\/strong><\/p>\n\n\n<hr>\n<h6><a href=\"https:\/\/classics.report\/?p=6342\"><img decoding=\"async\" loading=\"lazy\" class=\"size-thumbnail wp-image-6469 alignleft\" src=\"https:\/\/classics.report\/wp-content\/uploads\/2018\/11\/20170721_173018c-150x150.jpg\" alt=\"\" width=\"150\" height=\"150\"><\/a>Porsche mit Haken (11\/2018 &#8211; sonstige Porsche)<\/h6>\n<p>F\u00fcr solche Zwecke sind Sport-Utility-Vehicle (SUV) gemacht. Sport? Sport treiben? Genau! Eine belastbare, stimmige Begr\u00fcndung f\u00fcr solch ein Auto! Ab zum Gebrauchtwagenkauf: Mein vor einem Jahr erstandener &#8230;.<span style=\"color: #808080;\"><strong><a style=\"color: #808080;\" href=\"https:\/\/classics.report\/?p=6342\">weiterlesen<\/a><\/strong><\/span><\/p>\n<hr>\n<h6><a href=\"https:\/\/classics.report\/?p=4667\"><img decoding=\"async\" loading=\"lazy\" class=\"size-thumbnail wp-image-4743 alignleft\" src=\"https:\/\/classics.report\/wp-content\/uploads\/2017\/11\/Wildwechsel-150x150.jpg\" alt=\"\" width=\"150\" height=\"150\"><\/a>07er Oldtimerkennzeichen, Rotschildwechsel (10\/2018 &#8211; 911)<\/h6>\n<p>Der 911 Carrera 3.2 hat Geburtstag &#8211; 30 Jahre. Seit 6\/2004 hat das Carrera G-Modell mit 231 PS bei mir <em>seinen Auslau<\/em>f, da habe ich den roten Sportwagen aus Privathand gekauft. Nicht nur in der R\u00fcckschau &#8230;.<a href=\"https:\/\/classics.report\/?p=4667\"><span style=\"color: #ff6600;\"><span style=\"color: #808080;\"><strong>weiterlesen<\/strong><\/span><\/span><\/a><\/p>\n<hr>\n<h6><a href=\"https:\/\/classics.report\/?p=4780\"><img decoding=\"async\" loading=\"lazy\" class=\"size-thumbnail wp-image-6166 alignleft\" src=\"https:\/\/classics.report\/wp-content\/uploads\/2018\/07\/Skizze-1-150x150.jpg\" alt=\"\" width=\"150\" height=\"150\"><\/a>Boxenanlage mit Conti-Turm &#8211; nach der Vorlage N\u00fcrburgring 1950-65 (7\/2018 &#8211; Schaupl\u00e4tze)<\/h6>\n<p>Wer den Blog verfolgt, wei\u00df von meiner Idee: Die Oldtimer sollen in einer authentischen Kulisse stehen. Da die Aral-Tankstelle fertig ist, habe ich jetzt &#8230;.<a href=\"https:\/\/classics.report\/?p=4780\"><span style=\"color: #ff6600;\"><span style=\"color: #808080;\"><strong>weiterlesen<\/strong><\/span><\/span><\/a><\/p>\n<hr>\n<h6><a href=\"https:\/\/classics.report\/?p=887\"><img decoding=\"async\" loading=\"lazy\" class=\"size-thumbnail wp-image-6050 alignleft\" src=\"https:\/\/classics.report\/wp-content\/uploads\/2016\/03\/20180511_175912x-150x150.jpg\" alt=\"\" width=\"150\" height=\"150\"><\/a>911 Targa &#8211; Interior (5\/2018 &#8211; 911)<\/h6>\n<p>Der Targa f\u00e4hrt, das neue Lackkleid gl\u00e4nzt! Aber bitte nicht n\u00e4her kommen. Innen hat es noch etwas von Hempels unter&#8217;m Sofa. Ich muss mir jetzt einen Ruck geben. Das Projekt endlich auf die Zielgerade bringen &#8230;.<a href=\"https:\/\/classics.report\/?p=887\"><span style=\"color: #ff6600;\"><span style=\"color: #808080;\"><strong>weiterlesen<\/strong><\/span><\/span><\/a><\/p>\n<hr>\n<h6><a href=\"https:\/\/classics.report\/?p=5959\"><img decoding=\"async\" loading=\"lazy\" class=\"size-thumbnail wp-image-5992 alignleft\" src=\"https:\/\/classics.report\/wp-content\/uploads\/2018\/05\/20180515_142843-150x150.jpg\" alt=\"\" width=\"150\" height=\"150\"><\/a>Die Mille 2018 (5\/2018 &#8211; Treffen)<\/h6>\n<p>Wenn die Polizia Municipale auffordert die jenseits der regul\u00e4ren Geschwindigkeit fahrenden Verkehrsteilnehmer in den Knatterkisten die Ortsdurchfahrt noch einmal schneller zu fahren, wenn die Trikolore von der Jet-Staffel &#8230;.<a href=\"https:\/\/classics.report\/?p=5959\"><span style=\"color: #ff6600;\"><span style=\"color: #808080;\"><strong>weiterlesen<\/strong><\/span><\/span><\/a><\/p>\n<hr>\n<h6><a href=\"https:\/\/classics.report\/?p=5876\"><img decoding=\"async\" loading=\"lazy\" class=\"size-thumbnail wp-image-5883 alignleft\" src=\"https:\/\/classics.report\/wp-content\/uploads\/2018\/04\/20180428_111954-150x150.jpg\" alt=\"\" width=\"150\" height=\"150\"><\/a>Dowidat &#8211; Bello in oder out (4\/2018 &#8211; Schaupl\u00e4tze)<\/h6>\n<p>Sitze im Wartezimmer und lese eine Sch\u00f6ner-Wohnen, die Zeitung gibt es immer noch! Mir stellt sich die Frage: ist <em>vintage<\/em> und <em>shabby-look <\/em>eigentlich das Gleiche? Das abgegriffene Exemplar aus dem Lesezirkel ist fast ein Jahr &#8230;.<a href=\"https:\/\/classics.report\/?p=5876\"><span style=\"color: #ff6600;\"><span style=\"color: #808080;\"><strong>weiterlesen<\/strong><\/span><\/span><\/a><\/p>\n<hr>\n<h6><a href=\"https:\/\/classics.report\/?p=5740\"><img decoding=\"async\" loading=\"lazy\" class=\"size-thumbnail wp-image-5785 alignleft\" src=\"https:\/\/classics.report\/wp-content\/uploads\/2018\/04\/20180415_131306-150x150.jpg\" alt=\"\" width=\"150\" height=\"150\"><\/a>Landlust &#8211; ein Oldtimersonntag (4\/2018 &#8211; Treffen)<\/h6>\n<p>Wie, Du bist hier! Wie bist Du hier? So fangen Gespr\u00e4che an. In Rosendahl-Darfeld ist wieder Oldtimer-Treffen. <em>Du siehst Leute, \u2026. die willst du vielleicht nicht sehen. Du siehst Autos, &#8230; die willst du auch nicht sehen<\/em> &#8230;.<a href=\"https:\/\/classics.report\/?p=5740\"><span style=\"color: #ff6600;\"><span style=\"color: #808080;\"><strong>weiterlesen<\/strong><\/span><\/span><\/a><\/p>\n<hr>\n<h6><a href=\"https:\/\/classics.report\/?p=5555\"><img decoding=\"async\" loading=\"lazy\" class=\"size-thumbnail wp-image-5561 alignleft\" src=\"https:\/\/classics.report\/wp-content\/uploads\/2018\/03\/20180314_124650-150x150.jpg\" alt=\"\" width=\"150\" height=\"150\"><\/a>BMW R60\/6 (3\/2018 &#8211; Zweirad)<\/h6>\n<p>Bis zu einem Besichtigungstermin hat es einen langen zeitl. Anlauf und einige WhatsApp-Nachrichten gebraucht. Jetzt aber. Sonntag, den 11.03.18 gleich mal optimistisch mit dem Anh\u00e4nger zum Verk\u00e4ufer gefahren &#8230;.<a href=\"https:\/\/classics.report\/?p=5555\"><span style=\"color: #ff6600;\"><span style=\"color: #808080;\"><strong>weiterlesen<\/strong><\/span><\/span><\/a><\/p>\n<hr>\n<h6><a href=\"https:\/\/classics.report\/?p=5130\"><img decoding=\"async\" loading=\"lazy\" class=\"size-thumbnail wp-image-5206 alignleft\" src=\"https:\/\/classics.report\/wp-content\/uploads\/2018\/02\/IMG_7571-150x150.jpg\" alt=\"\" width=\"150\" height=\"150\"><\/a>F-Modell-Rennelfer &#8211; Enthusiasmus f\u00fcr ambitionierte Piloten oder Insolvenz in Eigenregie? (2\/2018 &#8211; 911)<\/h6>\n<p>Fortsetzungsgeschichte Teil 4: S dreht sich was &#8230;..<a href=\"https:\/\/classics.report\/?p=5176\"><span style=\"color: #ff6600;\"><span style=\"color: #808080;\"><strong>weiterlesen<\/strong><\/span><\/span><\/a>, Teil 3: S reloaded &#8230;.<span style=\"color: #ff6600;\"><a href=\"https:\/\/classics.report\/?p=5157\"><span style=\"color: #ff6600;\"><span style=\"color: #808080;\"><strong>weiterlesen<\/strong><\/span><\/span><\/a><span style=\"color: #000000;\">,<\/span><\/span> Teil 2: S geht von 100 auf 0 &#8230;.<a href=\"https:\/\/classics.report\/?p=5148\"><span style=\"color: #ff6600;\"><span style=\"color: #808080;\"><strong>weiterlesen<\/strong><\/span><\/span><\/a>, Teil 1: S war ansteckend &#8230;.<a href=\"https:\/\/classics.report\/?p=5130\"><span style=\"color: #ff6600;\"><span style=\"color: #808080;\"><strong>weiterlesen<\/strong><\/span><\/span><\/a><\/p>\n<hr>\n<h6><a href=\"https:\/\/classics.report\/?p=5042\"><img decoding=\"async\" loading=\"lazy\" class=\"size-thumbnail wp-image-5076 alignleft\" src=\"https:\/\/classics.report\/wp-content\/uploads\/2018\/01\/x20180206_122354_resized-150x150.jpg\" alt=\"\" width=\"150\" height=\"150\"><\/a>100.000,- glatt (2\/2018 &#8211; weitere Marken)<\/h6>\n<p>In der Preisliste von 1990, die bei mir noch zwischen den vielen Autoprospekten lag, habe ich dann spontan nachgeschaut. Wie war der Neuwagenpreis des BMW-7er? Nein, was ist denn das \u2026. 100 Tsd. DM glatt! &#8230;.<a href=\"https:\/\/classics.report\/?p=5042\"><span style=\"color: #ff6600;\"><span style=\"color: #808080;\"><strong>weiterlesen<\/strong><\/span><\/span><\/a><\/p>\n<hr>\n<h6><a href=\"https:\/\/classics.report\/?p=4921\"><img decoding=\"async\" loading=\"lazy\" class=\"size-thumbnail wp-image-4958 alignleft\" src=\"https:\/\/classics.report\/wp-content\/uploads\/2018\/01\/20180108_164107-150x150.jpg\" alt=\"\" width=\"150\" height=\"150\"><\/a>2 Fundst\u00fccke &#8211; Tankstellenzeugs aufbereitet (1\/2018 &#8211; Schaupl\u00e4tze)<\/h6>\n<p>Es ist schon fast wieder 10 Jahre her, da habe ich die alte Zapfs\u00e4ule von einem Bauernhof abgeholt. Es war der Tipp eines Bekannten im Ort: &#8222;da m\u00fc\u00dfte noch eine alte Zapfs\u00e4ule stehen, bestimmt eine Aral.&#8220; &#8230;.<a href=\"https:\/\/classics.report\/?p=4921\"><span style=\"color: #ff6600;\"><span style=\"color: #808080;\"><strong>weiterlesen<\/strong><\/span><\/span><\/a><\/p>\n<hr>\n<h6><a href=\"https:\/\/classics.report\/?p=4784\"><img decoding=\"async\" loading=\"lazy\" class=\"size-thumbnail wp-image-4826 alignleft\" src=\"https:\/\/classics.report\/wp-content\/uploads\/2017\/12\/20171213_11154301-150x150.jpg\" alt=\"\" width=\"150\" height=\"150\"><\/a>Tacho von Mph zu Km\/h (12\/2017 &#8211; 911)<\/h6>\n<p>Jetzt gibt es 2 Gr\u00fcnde den Tachometer in meinem Porsche zu \u00fcberarbeiten. Einmal hat er immer noch eine Mph-Skala, mit der ich mich bisher arrangieren konnte, desweiteren ist aber j\u00fcngst der Meilenz\u00e4hler ausgefallen &#8230;.<a href=\"https:\/\/classics.report\/?p=4784\"><span style=\"color: #ff6600;\"><span style=\"color: #808080;\"><strong>weiterlesen<\/strong><\/span><\/span><\/a><\/p>\n<hr>\n<h6><a href=\"https:\/\/classics.report\/?p=4665\"><img decoding=\"async\" loading=\"lazy\" class=\"size-thumbnail wp-image-4741 alignleft\" src=\"https:\/\/classics.report\/wp-content\/uploads\/2017\/11\/20171125_114555-150x150.jpg\" alt=\"\" width=\"150\" height=\"150\"><\/a>Retro Classics Cologne 2017 (12\/2017 &#8211; Ausstellung)<\/h6>\n<p>Wenn man von einer Messe kommt und unter Gleichgesinnten erz\u00e4hlt, dauert es nicht so lange bis die Frage nach den Oldtimer-Preisen gestellet wird. F\u00fcr die Retro Classics in K\u00f6ln kann man das auf folgende einfache Formel bringen: &#8230;.<a href=\"https:\/\/classics.report\/?p=4665\"><span style=\"color: #ff6600;\"><span style=\"color: #808080;\"><strong>weiterlesen<\/strong><\/span><\/span><\/a><\/p>\n<hr>\n<h6><a href=\"https:\/\/classics.report\/?p=4515\"><img decoding=\"async\" loading=\"lazy\" class=\"size-thumbnail wp-image-4556 alignleft\" src=\"https:\/\/classics.report\/wp-content\/uploads\/2017\/11\/20171120_135244x-150x150.jpg\" alt=\"\" width=\"150\" height=\"150\"><\/a>Der K\u00e4fer in Nachbars Garten, 1972 (11\/2017 &#8211; Erinnerungen)<\/h6>\n<p>Mit zunehmendem Abstand wird die Verkl\u00e4rung in der Erinnerung gr\u00f6\u00dfer &#8211; Zeit es aufzuschreiben! 1972 war das Jahr in dem die Mercedes-Benz AG die erste S-Klasse (W116) an den Start brachte. BMW hatte &#8230;.<a href=\"https:\/\/classics.report\/?p=4515\"><span style=\"color: #ff6600;\"><span style=\"color: #808080;\"><strong>weiterlesen<\/strong><\/span><\/span><\/a><\/p>\n<hr>\n<h6><a href=\"https:\/\/classics.report\/?p=4387\"><img decoding=\"async\" loading=\"lazy\" class=\"size-thumbnail wp-image-4444 alignleft\" src=\"https:\/\/classics.report\/wp-content\/uploads\/2017\/11\/20171117_134947x-150x150.jpg\" alt=\"\" width=\"150\" height=\"150\"><\/a><strong>Werbung f\u00fcr den informierten Autofahrer, 50er (11\/2017 &#8211; Erinnerungen)<br><\/strong><\/h6>\n<p>Der Newsletter war noch nicht erfunden und nur wenige Haushalte hatten ein Fernsehger\u00e4t. Annoncen, die heute vielleicht eher Anzeigen hei\u00dfen, waren in den Jahren &#8230;.<a href=\"https:\/\/classics.report\/?p=4387\"><span style=\"color: #ff6600;\"><span style=\"color: #808080;\"><strong>weiterlesen<\/strong><\/span><\/span><\/a><\/p>\n<hr>\n<h6><a href=\"https:\/\/classics.report\/?p=4291\"><img decoding=\"async\" loading=\"lazy\" class=\"size-thumbnail wp-image-4334 alignleft\" src=\"https:\/\/classics.report\/wp-content\/uploads\/2017\/11\/IMG-20171002-WA0024-1-150x150.jpeg\" alt=\"\" width=\"150\" height=\"150\"><\/a>PS-Speicher (11\/2017 &#8211; Ausstellung)<\/h6>\n<p>Einbeck ist den Bierkennern bekannt &#8211; ist da mehr los? Ja, seit 2014 ist dort ein Automobil-\/Motorrad-\/Fahrrad-\/ &#8230;.Museum er\u00f6ffnet. <em>Pinakothek f\u00fcr Oldtimerfans <\/em>w\u00fcrde als Bezeichnung auch gerechtfertigt sein, &#8230;.<a href=\"https:\/\/classics.report\/?p=4291\"><strong><span style=\"color: #808080;\">weiterlesen<\/span><\/strong><\/a><\/p>\n<hr>\n<h6><a href=\"https:\/\/classics.report\/?p=3817\"><img decoding=\"async\" loading=\"lazy\" class=\"size-thumbnail wp-image-3901 alignleft\" src=\"https:\/\/classics.report\/wp-content\/uploads\/2017\/11\/IMG_8818-150x150.jpg\" alt=\"\" width=\"150\" height=\"150\"><\/a>Gibt es das K\u00e4fer-Gen? Und <strong>wenn ja, wird es vererbt?<\/strong> (11\/2017 &#8211; Erinnerungen)<\/h6>\n<p>Das hast du bestimmt schon einmal geh\u00f6rt: &#8222;Mein erstes gesprochenes Wort war A.U.T.O.&#8220; Und dann noch so ein Nachsatz:&#8220; das ist mir wohl vererbt worden.&#8220; Was? &#8230;.<a href=\"https:\/\/classics.report\/?p=3817\"><span style=\"color: #ff6600;\"><span style=\"color: #808080;\"><strong>weiterlesen<\/strong><\/span><\/span><\/a><\/p>\n<hr>\n<h6><a href=\"https:\/\/classics.report\/?p=3615\"><img decoding=\"async\" loading=\"lazy\" class=\"size-thumbnail wp-image-3662 alignleft\" src=\"https:\/\/classics.report\/wp-content\/uploads\/2017\/11\/P4180023-150x150.jpg\" alt=\"\" width=\"150\" height=\"150\"><\/a><strong>911 G efragt<\/strong> (11\/2017 &#8211; 911)<\/h6>\n<p style=\"padding-left: 30px;\">Das titelgebende Wortspiel fragt nach dem G in der Modellbezeichnung. Gibt es eigentlich einen Porsche G, oder G-Modell? Ein G steht auf keinem 911-Motordeckel und ziert auch keine Kotfl\u00fcgelflanke. &#8230;.<a href=\"https:\/\/classics.report\/?p=3615\"><span style=\"color: #ff6600;\"><span style=\"color: #808080;\"><strong>weiterlesen<\/strong><\/span><\/span><\/a><\/p>\n<hr>\n<h6><strong> <a href=\"https:\/\/classics.report\/?p=3408\"><img decoding=\"async\" loading=\"lazy\" class=\"size-thumbnail wp-image-3515 alignleft\" src=\"https:\/\/classics.report\/wp-content\/uploads\/2017\/11\/cropped-K1_9-150x150.jpg\" alt=\"\" width=\"150\" height=\"150\" srcset=\"https:\/\/classics.report\/wp-content\/uploads\/2017\/11\/cropped-K1_9-150x150.jpg 150w, https:\/\/classics.report\/wp-content\/uploads\/2017\/11\/cropped-K1_9-300x300.jpg 300w, https:\/\/classics.report\/wp-content\/uploads\/2017\/11\/cropped-K1_9-270x270.jpg 270w, https:\/\/classics.report\/wp-content\/uploads\/2017\/11\/cropped-K1_9-192x192.jpg 192w, https:\/\/classics.report\/wp-content\/uploads\/2017\/11\/cropped-K1_9-180x180.jpg 180w, https:\/\/classics.report\/wp-content\/uploads\/2017\/11\/cropped-K1_9-32x32.jpg 32w, https:\/\/classics.report\/wp-content\/uploads\/2017\/11\/cropped-K1_9.jpg 512w\" sizes=\"(max-width: 150px) 100vw, 150px\" \/><\/a>914 &#8211; Spurstangen<\/strong> (11\/2017 &#8211; sonstige Porsche)<\/h6>\n<p style=\"padding-left: 30px;\">Meinen Porsche 914 2.0 habe ich jetzt seit Fr\u00fchjahr 2009. Vergangenen Samstag sollte er frisches Oel bekommen \u2013 hat er auch! Obligatorisch ist bei dieser Gelegenheit die Inspektion des Unterbodens, der Bremse, &#8230;.<span style=\"color: #808080;\"><strong><a style=\"color: #808080;\" href=\"https:\/\/classics.report\/?p=3408\">weiterlesen<\/a><\/strong><\/span><\/p>\n<hr>\n<h6><strong><a href=\"https:\/\/classics.report\/?p=3186\"><img decoding=\"async\" loading=\"lazy\" class=\"size-thumbnail wp-image-3049 alignleft\" src=\"https:\/\/classics.report\/wp-content\/uploads\/2017\/06\/20170621_111752-150x150.jpg\" alt=\"\" width=\"150\" height=\"150\"><\/a>T1 &#8211; und alte Feuerwehren<\/strong> (10\/2017 &#8211; Bulli)<\/h6>\n<p style=\"padding-left: 30px;\">Endlich habe ich die Sto\u00dfstangen vom Lackierer zur\u00fcckbekommen und der Bulli konnte jetzt im Oktober fertig montiert werden. Um z.B. die Bosch-Signalh\u00f6rner einmal zu h\u00f6ren, wird er im Videoformat vorgestellt: &#8230;.<a href=\"https:\/\/classics.report\/?p=3186\"><span style=\"color: #ff6600;\"><span style=\"color: #808080;\"><strong>weiterlesen<\/strong><\/span><\/span><\/a><\/p>\n<hr>\n<h6><strong><a href=\"https:\/\/classics.report\/?p=3231\"><img decoding=\"async\" loading=\"lazy\" class=\"size-thumbnail wp-image-3269 alignleft\" src=\"https:\/\/classics.report\/wp-content\/uploads\/2017\/09\/sport-2-150x150.jpg\" alt=\"\" width=\"150\" height=\"150\"><\/a>Aromate, Aliphate, 60\/70er (9\/2017 &#8211; Schaupl\u00e4tze)<br><\/strong><\/h6>\n<p style=\"padding-left: 30px;\">Der Tankstopp war Dienstleistung pur, Autofahrer wurden umworben und waren K\u00f6nig Kunde an der Tankstelle. Dienstbeflissen versorgte der Tankwart noch in den 60ern Autos und Mopeds &#8230;.<a href=\"https:\/\/classics.report\/?p=3231\"><span style=\"color: #ff6600;\"><span style=\"color: #808080;\"><strong>weiterlesen<\/strong><\/span><\/span><\/a><\/p>\n<hr>\n<h6><span style=\"color: #ff6600;\"><a href=\"https:\/\/classics.report\/?p=2698\"><img decoding=\"async\" loading=\"lazy\" class=\"size-thumbnail wp-image-3085 alignleft\" src=\"https:\/\/classics.report\/wp-content\/uploads\/2017\/06\/20170623_1126001-150x150.jpg\" alt=\"\" width=\"150\" height=\"150\"><\/a> <\/span><strong>T1 &#8211; Trockeneisstrahlen<\/strong> (6\/2017 &#8211; Bulli)<\/h6>\n<p style=\"padding-left: 30px;\">Gefahren wird der Feuerwehrbulli von 1965 eher selten. 16.000 Original-km hat er jetzt auf der Uhr. Wenn der VW-Motor aber einmal starten soll, so macht er das auch brav. Dazu kippe ich <em>einen Schluck Benzin<\/em> von oben &#8230;.<span style=\"color: #808080;\"><strong><a style=\"color: #808080;\" href=\"https:\/\/classics.report\/?p=2698\">weiterlesen<\/a><\/strong><\/span><\/p>\n<hr>\n<h6><a href=\"https:\/\/classics.report\/?p=2963\"><img decoding=\"async\" loading=\"lazy\" class=\"size-thumbnail wp-image-2981 alignleft\" src=\"https:\/\/classics.report\/wp-content\/uploads\/2017\/06\/20170618_125552-150x150.jpg\" alt=\"\" width=\"150\" height=\"150\"><\/a> <strong>Magirus-Tag<\/strong> (6\/2017 &#8211; Treffen)<\/h6>\n<p style=\"padding-left: 30px;\">Planetengetriebe, die in Magirus-Deutz-Fahrzeugen verbaut wurden, dienten als Idee f\u00fcr die Namensgebung in den 50ern bei LKW und Bussen der Kl\u00f6ckner-Humboldt-Deutz (KHD) AG aus Ulm. So trugen sie die Namen:&nbsp; &#8230;.<span style=\"color: #808080;\"><strong><a style=\"color: #808080;\" href=\"https:\/\/classics.report\/?p=2963\">weiterlesen<\/a><\/strong><\/span><\/p>\n<hr>\n<h6><strong><a href=\"https:\/\/classics.report\/?p=2855\"><img decoding=\"async\" loading=\"lazy\" class=\"size-thumbnail wp-image-2857 alignleft\" src=\"https:\/\/classics.report\/wp-content\/uploads\/2017\/05\/IMG_0007-150x150.jpg\" alt=\"\" width=\"150\" height=\"150\"><\/a>Dein Foto ist gefragt, 50\/60er<\/strong> (5\/2017 &#8211; Erinnerungen)<\/h6>\n<p style=\"padding-left: 30px;\">Auf vielen Oldtimer-Treffen, Messen, Gewerbeschauen oder Stadtfesten kann man heute Oldtimer sehen. Manche Typen oder Modelle sind einem durchaus noch oder schon wieder vertraut. Schaut man hingegen in&nbsp; &#8230;.<span style=\"color: #808080;\"><strong><a style=\"color: #808080;\" href=\"https:\/\/classics.report\/?p=2855\">weiterlesen<\/a><\/strong><\/span><\/p>\n<hr>\n<h6><strong><a href=\"https:\/\/classics.report\/?p=2651\"><img decoding=\"async\" loading=\"lazy\" class=\"size-thumbnail wp-image-2686 alignleft\" src=\"https:\/\/classics.report\/wp-content\/uploads\/2017\/04\/IMG_6846-150x150.jpg\" alt=\"\" width=\"150\" height=\"150\"><\/a>924 &#8211; neue deutsche Welle<\/strong> (5\/2017 &#8211; sonstige Porsche)<\/h6>\n<p style=\"padding-left: 30px;\">Eine Karosserie, eine Linienf\u00fchrung die sich grundlegend von allen bis dahin gebauten Porsche-Sportwagen unterscheidet. Ein weiteres Novum bei Porsche im Jahr 1976: ein wassergek\u00fchlter Frontmotor, der heute noch &#8230;.<a href=\"https:\/\/classics.report\/?p=2651\"><span style=\"color: #ff6600;\"><span style=\"color: #808080;\"><strong>weiterlesen<\/strong><\/span><\/span><\/a><\/p>\n<hr>\n<h6><strong><a href=\"https:\/\/classics.report\/?p=2547\"><img decoding=\"async\" loading=\"lazy\" class=\"size-thumbnail wp-image-2552 alignleft\" src=\"https:\/\/classics.report\/wp-content\/uploads\/2017\/04\/20170408_184407-150x150.jpg\" alt=\"\" width=\"150\" height=\"150\"><\/a>3er Zahlenspiel<\/strong> (4\/2017 &#8211; weitere Marken)<\/h6>\n<p style=\"padding-left: 30px;\">\u00dcber 600.000 angemeldete Oldtimer in D. und weiter steigende Preise um durchschnittlich 5,6% in 2016. So ist es in vielen Zeitungen jetzt zum Saisonstart 2017 zu lesen. Das sind Zahlen aus dem Oldtimerindex &#8230;.<a href=\"https:\/\/classics.report\/?p=2547\"><span style=\"color: #ff6600;\"><span style=\"color: #808080;\"><strong>weiterlesen<\/strong><\/span><\/span><\/a><\/p>\n<hr>\n<h6><a href=\"https:\/\/classics.report\/?p=2314\"><img decoding=\"async\" loading=\"lazy\" class=\"size-thumbnail wp-image-2332 alignleft\" src=\"https:\/\/classics.report\/wp-content\/uploads\/2017\/01\/IMG_9386-150x150.jpg\" alt=\"\" width=\"150\" height=\"150\"><\/a> <strong>dug the bug out<\/strong> (1\/2017 &#8211; K\u00e4fer)<\/h6>\n<p style=\"padding-left: 30px;\">In diesen Tagen habe ich den Zustand des alten 1961er Herbie gepr\u00fcft und ihn <em>aus der Mottenkiste<\/em> geholt, etwas gefahren und einige Service-Arbeiten durchgef\u00fchrt. Wir hatten ihn Anfg. 2009 ohne die <em>Kriegsbemalung<\/em> &#8230;.<a href=\"https:\/\/classics.report\/?p=2314\"><span style=\"color: #ff6600;\"><span style=\"color: #808080;\"><strong>weiterlesen<\/strong><\/span><\/span><\/a><\/p>","protected":false},"excerpt":{"rendered":"<p>Porsche 550 (12\/2018 &#8211; sonstige Porsche) Ja klar, wir haben in Kalifornien nach Porsche gesucht. U.a. haben wir Ausschau gehalten nach einem 550 Spyder. Nein, nicht nach einem Original-Fahrzeug, der originale James-Dean-Spyder war auch schon seit 1955 min. 17 mal verkauft worden &#8230;.weiterlesen Porsche mit Haken (11\/2018 &#8211; sonstige Porsche) F\u00fcr solche Zwecke sind Sport-Utility-Vehicle [&hellip;]<\/p>\n","protected":false},"author":1,"featured_media":0,"parent":0,"menu_order":0,"comment_status":"closed","ping_status":"closed","template":"","meta":[],"_links":{"self":[{"href":"https:\/\/classics.report\/index.php?rest_route=\/wp\/v2\/pages\/3517"}],"collection":[{"href":"https:\/\/classics.report\/index.php?rest_route=\/wp\/v2\/pages"}],"about":[{"href":"https:\/\/classics.report\/index.php?rest_route=\/wp\/v2\/types\/page"}],"author":[{"embeddable":true,"href":"https:\/\/classics.report\/index.php?rest_route=\/wp\/v2\/users\/1"}],"replies":[{"embeddable":true,"href":"https:\/\/classics.report\/index.php?rest_route=%2Fwp%2Fv2%2Fcomments&post=3517"}],"version-history":[{"count":421,"href":"https:\/\/classics.report\/index.php?rest_route=\/wp\/v2\/pages\/3517\/revisions"}],"predecessor-version":[{"id":8179,"href":"https:\/\/classics.report\/index.php?rest_route=\/wp\/v2\/pages\/3517\/revisions\/8179"}],"wp:attachment":[{"href":"https:\/\/classics.report\/index.php?rest_route=%2Fwp%2Fv2%2Fmedia&parent=3517"}],"curies":[{"name":"wp","href":"https:\/\/api.w.org\/{rel}","templated":true}]}}