{"id":2382,"date":"2017-01-26T07:11:12","date_gmt":"2017-01-26T07:11:12","guid":{"rendered":"http:\/\/classics.report\/?page_id=2382"},"modified":"2023-11-27T10:32:07","modified_gmt":"2023-11-27T10:32:07","slug":"links","status":"publish","type":"page","link":"https:\/\/classics.report\/?page_id=2382","title":{"rendered":"Links"},"content":{"rendered":"<h3>Linkbanner von classics.report: hier kopieren und auf Deiner Seite einsetzen<\/h3>\n<p><a href=\"https:\/\/classics.report\/wp-content\/uploads\/2019\/02\/Logoneu2019_2.jpg\"><img decoding=\"async\" loading=\"lazy\" class=\"alignleft size-full wp-image-7286\" src=\"https:\/\/classics.report\/wp-content\/uploads\/2019\/02\/Logoneu2019_2.jpg\" alt=\"\" width=\"723\" height=\"227\" srcset=\"https:\/\/classics.report\/wp-content\/uploads\/2019\/02\/Logoneu2019_2.jpg 723w, https:\/\/classics.report\/wp-content\/uploads\/2019\/02\/Logoneu2019_2-300x94.jpg 300w, https:\/\/classics.report\/wp-content\/uploads\/2019\/02\/Logoneu2019_2-624x196.jpg 624w\" sizes=\"(max-width: 723px) 100vw, 723px\" \/><\/a><\/p>\n<hr \/>\n<h3>Medien die ich mag und nutze<\/h3>\n<p><a href=\"https:\/\/www.thesamba.com\/vw\/\"><img decoding=\"async\" loading=\"lazy\" class=\"wp-image-4998 alignnone\" src=\"https:\/\/classics.report\/wp-content\/uploads\/2018\/01\/split_row.gif\" alt=\"\" width=\"425\" height=\"61\" \/><\/a>\u00a0\u00a0 Volkswagen classifieds<\/p>\n<p><a href=\"http:\/\/bugnet.de\/\"><img decoding=\"async\" loading=\"lazy\" class=\"size-medium wp-image-6121 alignnone\" src=\"https:\/\/classics.report\/wp-content\/uploads\/2018\/06\/bugnet-300x106.jpg\" alt=\"\" width=\"300\" height=\"106\" srcset=\"https:\/\/classics.report\/wp-content\/uploads\/2018\/06\/bugnet-300x106.jpg 300w, https:\/\/classics.report\/wp-content\/uploads\/2018\/06\/bugnet.jpg 496w\" sizes=\"(max-width: 300px) 100vw, 300px\" \/><\/a>\u00a0\u00a0 Forum \/ Archiv \/ Markt<\/p>\n<p><a href=\"http:\/\/www.teil-der-maschine.de\/\"><img decoding=\"async\" loading=\"lazy\" class=\"size-medium wp-image-3477 alignnone\" src=\"https:\/\/classics.report\/wp-content\/uploads\/2017\/01\/tdm-300x71.jpg\" alt=\"\" width=\"300\" height=\"71\" srcset=\"https:\/\/classics.report\/wp-content\/uploads\/2017\/01\/tdm-300x71.jpg 300w, https:\/\/classics.report\/wp-content\/uploads\/2017\/01\/tdm.jpg 391w\" sizes=\"(max-width: 300px) 100vw, 300px\" \/><\/a>\u00a0\u00a0 Weblog von hansbahnhof (Ansgar Fulland)<\/p>\n<p><a href=\"https:\/\/autonatives.de\/\"><img decoding=\"async\" loading=\"lazy\" class=\"size-medium wp-image-6371 alignnone\" src=\"https:\/\/classics.report\/wp-content\/uploads\/2018\/11\/Unbenannt-300x59.jpg\" alt=\"\" width=\"300\" height=\"59\" srcset=\"https:\/\/classics.report\/wp-content\/uploads\/2018\/11\/Unbenannt-300x59.jpg 300w, https:\/\/classics.report\/wp-content\/uploads\/2018\/11\/Unbenannt.jpg 392w\" sizes=\"(max-width: 300px) 100vw, 300px\" \/><\/a>\u00a0\u00a0 Weblog von Karla, Max und Tom Schwede<\/p>\n<p><a href=\"http:\/\/www.wfilm.de\/100-porsches-and-me\/downloads\/content\/\"><img decoding=\"async\" loading=\"lazy\" class=\"size-medium wp-image-2689 alignnone\" src=\"https:\/\/classics.report\/wp-content\/uploads\/2017\/01\/100Porsches-300x139.jpg\" alt=\"100Porsches\" width=\"300\" height=\"139\" srcset=\"https:\/\/classics.report\/wp-content\/uploads\/2017\/01\/100Porsches-300x139.jpg 300w, https:\/\/classics.report\/wp-content\/uploads\/2017\/01\/100Porsches.jpg 483w\" sizes=\"(max-width: 300px) 100vw, 300px\" \/><\/a> \u00a0 Der Trailer zum Film<\/p>\n<p><a href=\"https:\/\/alte-schule.podigee.io\/\"><img decoding=\"async\" loading=\"lazy\" class=\"size-medium wp-image-7867 alignnone\" src=\"https:\/\/classics.report\/wp-content\/uploads\/2020\/01\/logo-square-1-300x300.png\" alt=\"\" width=\"300\" height=\"300\" srcset=\"https:\/\/classics.report\/wp-content\/uploads\/2020\/01\/logo-square-1-300x300.png 300w, https:\/\/classics.report\/wp-content\/uploads\/2020\/01\/logo-square-1-150x150.png 150w, https:\/\/classics.report\/wp-content\/uploads\/2020\/01\/logo-square-1-768x768.png 768w, https:\/\/classics.report\/wp-content\/uploads\/2020\/01\/logo-square-1-1024x1024.png 1024w, https:\/\/classics.report\/wp-content\/uploads\/2020\/01\/logo-square-1-624x624.png 624w\" sizes=\"(max-width: 300px) 100vw, 300px\" \/><\/a> Podcastreihe &#8230; die goldene \u00c4ra des Automobils. Die gr\u00f6\u00dften Rennfahrer ihrer Generation, Sammler, Ingenieure, Enthusiasten &#8211; Helden, die am Limit alles erreicht haben, und unz\u00e4hlige Geschichten, die endlich erz\u00e4hlt werden m\u00fcssen.<\/p>\n<hr \/>\n<h3>Clubs \/ Stiftung \/ Sammlung<\/h3>\n<p><a href=\"http:\/\/www.muensterclassics.de\/\"><img decoding=\"async\" loading=\"lazy\" class=\"alignnone size-medium wp-image-2392\" src=\"https:\/\/classics.report\/wp-content\/uploads\/2017\/01\/MSC-300x137.jpg\" alt=\"MSC\" width=\"300\" height=\"137\" srcset=\"https:\/\/classics.report\/wp-content\/uploads\/2017\/01\/MSC-300x137.jpg 300w, https:\/\/classics.report\/wp-content\/uploads\/2017\/01\/MSC.jpg 381w\" sizes=\"(max-width: 300px) 100vw, 300px\" \/><\/a><\/p>\n<p><a href=\"https:\/\/oldtimermuseum-nottuln.de\/\"><img decoding=\"async\" loading=\"lazy\" class=\"alignnone size-medium wp-image-8584\" src=\"https:\/\/classics.report\/wp-content\/uploads\/2023\/08\/Wappen-Foundation-10-268x300.jpg\" alt=\"\" width=\"268\" height=\"300\" srcset=\"https:\/\/classics.report\/wp-content\/uploads\/2023\/08\/Wappen-Foundation-10-268x300.jpg 268w, https:\/\/classics.report\/wp-content\/uploads\/2023\/08\/Wappen-Foundation-10.jpg 416w\" sizes=\"(max-width: 268px) 100vw, 268px\" \/><\/a><\/p>\n<hr \/>\n<h3>Gewerbe<\/h3>\n<p><a href=\"https:\/\/www.spurtreu-classics.de\/\"><img decoding=\"async\" loading=\"lazy\" class=\"alignnone size-medium wp-image-8780\" src=\"https:\/\/classics.report\/wp-content\/uploads\/2023\/11\/body-logo-300x60.png\" alt=\"\" width=\"300\" height=\"60\" srcset=\"https:\/\/classics.report\/wp-content\/uploads\/2023\/11\/body-logo-300x60.png 300w, https:\/\/classics.report\/wp-content\/uploads\/2023\/11\/body-logo.png 605w\" sizes=\"(max-width: 300px) 100vw, 300px\" \/><\/a>\u00a0 \u00a0Young- u. Oldtimer in HF (Sebastian Pl\u00fcmers)<\/p>\n<p><a href=\"https:\/\/www.kfz-k\u00f6sters.de\/\"><img decoding=\"async\" loading=\"lazy\" class=\"size-medium wp-image-2541 alignnone\" src=\"https:\/\/classics.report\/wp-content\/uploads\/2017\/01\/Koe-300x68.jpg\" alt=\"Koe\" width=\"300\" height=\"68\" srcset=\"https:\/\/classics.report\/wp-content\/uploads\/2017\/01\/Koe-300x68.jpg 300w, https:\/\/classics.report\/wp-content\/uploads\/2017\/01\/Koe-624x141.jpg 624w, https:\/\/classics.report\/wp-content\/uploads\/2017\/01\/Koe.jpg 901w\" sizes=\"(max-width: 300px) 100vw, 300px\" \/><\/a>\u00a0\u00a0 Autowerkstatt in Horstmar<\/p>\n","protected":false},"excerpt":{"rendered":"<p>Linkbanner von classics.report: hier kopieren und auf Deiner Seite einsetzen Medien die ich mag und nutze \u00a0\u00a0 Volkswagen classifieds \u00a0\u00a0 Forum \/ Archiv \/ Markt \u00a0\u00a0 Weblog von hansbahnhof (Ansgar Fulland) \u00a0\u00a0 Weblog von Karla, Max und Tom Schwede \u00a0 Der Trailer zum Film Podcastreihe &#8230; die goldene \u00c4ra des Automobils. Die gr\u00f6\u00dften Rennfahrer ihrer [&hellip;]<\/p>\n","protected":false},"author":1,"featured_media":4289,"parent":0,"menu_order":0,"comment_status":"open","ping_status":"open","template":"","meta":[],"_links":{"self":[{"href":"https:\/\/classics.report\/index.php?rest_route=\/wp\/v2\/pages\/2382"}],"collection":[{"href":"https:\/\/classics.report\/index.php?rest_route=\/wp\/v2\/pages"}],"about":[{"href":"https:\/\/classics.report\/index.php?rest_route=\/wp\/v2\/types\/page"}],"author":[{"embeddable":true,"href":"https:\/\/classics.report\/index.php?rest_route=\/wp\/v2\/users\/1"}],"replies":[{"embeddable":true,"href":"https:\/\/classics.report\/index.php?rest_route=%2Fwp%2Fv2%2Fcomments&post=2382"}],"version-history":[{"count":119,"href":"https:\/\/classics.report\/index.php?rest_route=\/wp\/v2\/pages\/2382\/revisions"}],"predecessor-version":[{"id":8782,"href":"https:\/\/classics.report\/index.php?rest_route=\/wp\/v2\/pages\/2382\/revisions\/8782"}],"wp:featuredmedia":[{"embeddable":true,"href":"https:\/\/classics.report\/index.php?rest_route=\/wp\/v2\/media\/4289"}],"wp:attachment":[{"href":"https:\/\/classics.report\/index.php?rest_route=%2Fwp%2Fv2%2Fmedia&parent=2382"}],"curies":[{"name":"wp","href":"https:\/\/api.w.org\/{rel}","templated":true}]}}